{"id":14759,"date":"2018-01-06T19:20:24","date_gmt":"2018-01-06T17:20:24","guid":{"rendered":"https:\/\/carrentalsrhodes.com\/geschaeftsbedingungen\/"},"modified":"2025-05-31T18:06:28","modified_gmt":"2025-05-31T15:06:28","slug":"geschaeftsbedingungen","status":"publish","type":"page","link":"https:\/\/carrentalsrhodes.com\/de\/geschaeftsbedingungen\/","title":{"rendered":"Gesch\u00e4ftsbedingungen"},"content":{"rendered":"\t\t<div data-elementor-type=\"wp-page\" data-elementor-id=\"14759\" class=\"elementor elementor-14759 elementor-333\">\n\t\t\t\t\t\t<section class=\"elementor-section elementor-top-section elementor-element elementor-element-0a566c2 elementor-section-boxed elementor-section-height-default elementor-section-height-default\" data-id=\"0a566c2\" data-element_type=\"section\" data-e-type=\"section\">\n\t\t\t\t\t\t<div class=\"elementor-container elementor-column-gap-default\">\n\t\t\t\t\t<div class=\"elementor-column elementor-col-100 elementor-top-column elementor-element elementor-element-23dd6ca\" data-id=\"23dd6ca\" data-element_type=\"column\" data-e-type=\"column\">\n\t\t\t<div class=\"elementor-widget-wrap elementor-element-populated\">\n\t\t\t\t\t\t<div class=\"elementor-element elementor-element-de74cbf elementor-widget__width-initial elementor-widget elementor-widget-text-editor\" data-id=\"de74cbf\" data-element_type=\"widget\" data-e-type=\"widget\" data-widget_type=\"text-editor.default\">\n\t\t\t\t<div class=\"elementor-widget-container\">\n\t\t\t\t\t\t\t\t\t<h2 style=\"text-align: center;\"><span style=\"color: #e31e24;\">Allgemeine Gesch\u00e4ftsbedingungen<\/span><\/h2>\n<p style=\"text-align: center;\"><span style=\"color: #0a0a0a;\"><em>Alles, was Sie wissen m\u00fcssen, bevor Sie ein Auto reservieren.<br \/>\nLesen Sie diese n\u00fctzlichen Gesch\u00e4ftsbedingungen, um vorbereitet zu sein. <\/em><\/span><\/p>\n<h3><span style=\"color: #0a0a0a;\"><strong>WAS IST IM PREIS INBEGRIFFEN<\/strong><\/span><\/h3>\n<p><span style=\"color: #0a0a0a;\">Je nach Buchungsauftrag wird Ihnen m\u00f6glicherweise Folgendes angeboten:<\/span><\/p>\n<ul>\n<li><span style=\"color: #0a0a0a;\"><strong>C.D.W &#8211; Vollkaskoversicherung mit Selbstbeteiligung:<\/strong> Der Mieter ist gegen Sch\u00e4den an der Karosserie des Fahrzeugs im Falle eines Unfalls versichert. Die Schadenshaftung h\u00e4ngt von der unten angegebenen Fahrzeuggruppe ab. <\/span><\/li>\n<\/ul>\n<p><span style=\"color: #0a0a0a;\"><strong> Selbstbehalt je Gruppe:<\/strong><\/span><\/p>\n<ul>\n<li style=\"list-style-type: none;\">\n<ul>\n<li><span style=\"color: #0a0a0a; font-size: 16px;\">f\u00fcr Fahrzeuge der Gruppe A, B, B1 \u2013 \u20ac300 Selbstbeteiligung<\/span><\/li>\n<li><span style=\"color: #0a0a0a;\">f\u00fcr Fahrzeuge der Gruppen A2, C, C1, C2 \u2013 450\u20ac Selbstbeteiligung<\/span><\/li>\n<li><span style=\"color: #0a0a0a;\">f\u00fcr Fahrzeuggruppen Jeep, Cabrio \u2013 600\u20ac Selbstbeteiligung<\/span><\/li>\n<li><span style=\"color: #0a0a0a;\">f\u00fcr Fahrzeuggruppen D, D1 &#8211; 700\u20ac Selbstbeteiligung<\/span><\/li>\n<\/ul>\n<\/li>\n<\/ul>\n<ul>\n<li><span style=\"color: #0a0a0a;\"><strong>P.A.I &#8211; Pers\u00f6nliche Unfallversicherung: <\/strong><span style=\"color: #000000;\">Der Fahrer ist f\u00fcr Personensch\u00e4den bis zu 12.000\u20ac versichert.<\/span><\/span><\/li>\n<li><span style=\"color: #0a0a0a;\"><strong>T.P.I \u2013 Haftpflichtversicherung: <\/strong><span style=\"color: #000000;\">Deckt Sch\u00e4den oder Verletzungen an anderen Personen oder Eigentum bis zu 1.300.000\u20ac ab.<\/span><\/span><\/li>\n<li><span style=\"color: #0a0a0a;\"><strong>Diebstahlversicherung:<\/strong> Der Mieter ist im Falle eines Diebstahls des Fahrzeugs versichert. Gestohlene Gegenst\u00e4nde im Fahrzeuginnenraum (z. B. Kameras, Reisetaschen oder Mobiltelefone) sind nicht versichert. <\/span><\/li>\n<li><span style=\"color: #0a0a0a;\"><strong>Feuerversicherung:<\/strong> Die Feuerversicherung deckt das Mietfahrzeug selbst im Falle eines mechanischen Feuers, Blitzschlags oder einer Explosion ab.<\/span><\/li>\n<li><span style=\"color: #0a0a0a;\"><strong>Zus\u00e4tzlicher Fahrer:<\/strong> Sie k\u00f6nnen einen zweiten Fahrer ohne zus\u00e4tzliche Kosten hinzuf\u00fcgen.<\/span><\/li>\n<li><span style=\"color: #0a0a0a;\"><strong>Frei<\/strong> <strong>\u00c4nderung\/Stornierung:<\/strong> Bei Stornierungen bis 48 Stunden vor dem geplanten Mietbeginn fallen keine Stornierungsgeb\u00fchren an..<\/span><\/li>\n<li><span style=\"color: #0a0a0a;\"><strong>Pannenhilfe 24\/7:<\/strong> Unsere Pannenhilfe ist kostenlos und rund um die Uhr auf der ganzen Insel verf\u00fcgbar.<\/span><\/li>\n<li><span style=\"color: #0a0a0a;\"><strong>Unbegrenzte Kilometer:<\/strong> Kostenlos.<\/span><\/li>\n<li><span style=\"color: #0a0a0a;\"><strong>Mehrwertsteuer und lokale Steuern<\/strong><\/span><\/li>\n<li><span style=\"color: #0a0a0a;\"><strong>Kostenloser Baby-\/Sitzerh\u00f6hungssitz<\/strong>(auf Anfrage).<\/span><\/li>\n<\/ul>\n<h3><span style=\"color: #e41e24;\"><strong>Optionale Versicherung<\/strong><\/span><\/h3>\n<p><strong>W.U.G &#8211; R\u00e4der-Unterseite-Glas.<\/strong> Diese Versicherung deckt Sch\u00e4den an den R\u00e4dern, der Unterseite und den Scheiben des Autos ab.<br \/><strong>F.D.W &#8211; Vollkaskoversicherung ohne Selbstbeteiligung.<\/strong> Diese Versicherung bietet f\u00fcr Ihren Mietwagen eine Vollkaskoversicherung ohne Selbstbeteiligung au\u00dfer R\u00e4der, Unterboden und Glas.<br \/><strong>S.C.D.W &#8211; Super Cover.<\/strong> Vollkaskoversicherung 100% ohne Selbstbeteiligung f\u00fcr Sch\u00e4den, die durch einen Unfall am Fahrzeug w\u00e4hrend der Mietdauer verursacht werden, einschlie\u00dflich R\u00e4der+Unterboden+Glas (W.U.G).<br \/>\nEs kann auch als &#8222;Super Collision Damage Waiver\u201c bezeichnet werden. <\/p>\n<div style=\"background-color: #e04e3b; color: #ffffff; font-family: Arial, sans-serif; padding: 20px; border-radius: 10px; font-size: 18px; display: flex; align-items: center; gap: 15px;\"><i class=\"fas fa-exclamation-circle\" style=\"font-size: 24px;\"><\/i><\/p>\n<p><strong>WICHTIG!<\/strong> F\u00fcr alle Versicherungsarten ist ein Polizeibericht erforderlich. Ohne Polizeibericht wird der volle Schadens- und\/oder Verlustbetrag dem Kunden in Rechnung gestellt. <\/div>\n<h4> <\/h4>\n<h4><span style=\"color: #333333;\">Ausnahmen f\u00fcr C.D.W, W.U.G, F.D.W, SUPER COVER<\/span><\/h4>\n<p><strong>F\u00e4lle mit Geb\u00fchren und Ausnahmen von jeglicher Versicherung.<\/strong><\/p>\n<ul>\n<li><span style=\"color: #0a0a0a;\">Unf\u00e4lle, die von einem Fahrer verursacht wurden, der nicht im Mietvertrag aufgef\u00fchrt ist.<br \/>\nIn diesem Fall haftet der Mieter f\u00fcr alle verursachten Sch\u00e4den. <\/span><\/li>\n<li><span style=\"color: #0a0a0a;\">Unf\u00e4lle und Sch\u00e4den, die beim Fahren unter Alkohol- oder Drogeneinfluss entstehen.<\/span><\/li>\n<li><span style=\"color: #0a0a0a;\">Sch\u00e4den, die an der Unterseite des Fahrzeugs durch Gel\u00e4ndefahrten und Fahrten am Strand oder in den Bergen entstehen.<\/span><\/li>\n<li><span style=\"color: #0a0a0a;\">Jegliche Sch\u00e4den, die durch vors\u00e4tzliches und\/oder bewusstes Fahren auf der Stra\u00dfe verursacht wurden.<\/span><\/li>\n<li><span style=\"color: #0a0a0a;\">Durchgebrannte Kupplung durch Fehlbedienung.<\/span><\/li>\n<li><span style=\"color: #0a0a0a;\">Durchgebrannter Motor und\/oder kaputter \u00d6ltank (nach Aufprall auf die Unterseite des Fahrzeugs beim Fahren im Gel\u00e4nde).<\/span><\/li>\n<li><span style=\"color: #0a0a0a;\">Sch\u00e4den, die durch das Antreiben oder Abschleppen eines Fahrzeugs oder Transportmittels entstehen.<\/span><\/li>\n<li>f\u00fcr bezahlten Transport<\/li>\n<li>bei jedem Rennen, Geschwindigkeitstest oder Wettbewerb<\/li>\n<li>die Bef\u00f6rderung von Passagieren \u00fcber die jeweilige Sitzplatzkapazit\u00e4t hinaus<\/li>\n<li>auf einer anderen als einer befestigten Stra\u00dfe oder \u00f6ffentlichen Stra\u00dfe<\/li>\n<li>\u00dcberf\u00fchrung des Autos au\u00dferhalb des Territoriums der Insel Rhodos<\/li>\n<li>durch eine Person ohne vorherige Zustimmung des Vermieters<\/li>\n<li>von einer Person unter 23 Jahren, die kein F\u00fchrerschein besitzt.<\/li>\n<li><span style=\"color: #0a0a0a;\">Nicht gemeldete Sch\u00e4den\/Unf\u00e4lle k\u00f6nnen als Fahrl\u00e4ssigkeit ausgelegt werden und f\u00fchren zu einer Zahlung.<br \/>\nEventuelle Sch\u00e4den und\/oder Unf\u00e4lle m\u00fcssen dem Vermieter unverz\u00fcglich unter den angegebenen Telefonnummern gemeldet werden. <\/span><\/li>\n<li><span style=\"color: #0a0a0a;\">Verlust oder Entfernung von Fahrzeugkennzeichen. Etwaige Verkehrsstrafen aufgrund des Verlusts der Kennzeichen werden dem Mieter in Rechnung gestellt.<br \/>\nBis Ersatz organisiert und bereitgestellt wurde, fallen m\u00f6glicherweise Geb\u00fchren zum Tagesmietpreis an. <\/span><\/li>\n<li><span style=\"color: #0a0a0a;\">Verlust oder Besch\u00e4digung des Fahrzeugschl\u00fcssels. Bei Verlust\/Besch\u00e4digung des Schl\u00fcssels w\u00e4hrend der Mietzeit entstehen dem Mieter Ersatzkosten.<br \/>\nJe nach Fahrzeugtyp fallen Kosten zwischen 100 und 350 Euro an.<br \/>\nF\u00fcr eine ggf. erforderliche Schl\u00fcssel-\/Fahrzeug-Neuprogrammierung k\u00f6nnen zus\u00e4tzliche Kosten entstehen.  <\/span><\/li>\n<li><span style=\"color: #0a0a0a;\">Eventuelle Sch\u00e4den im Fahrzeuginnenraum.<\/span><\/li>\n<li><span style=\"color: #0a0a0a;\">S\u00e4mtliche gestohlenen Gegenst\u00e4nde im Fahrzeuginnenraum (z. B. Kameras, Tablets, Mobiltelefone usw.).<\/span><\/li>\n<\/ul>\n<div style=\"background-color: #f19112; color: #ffffff; font-family: Arial, sans-serif; padding: 20px; border-radius: 10px; font-size: 18px; display: flex; align-items: center; gap: 15px;\"><i class=\"fas fa-exclamation-triangle\" style=\"font-size: 24px;\"><\/i>Sch\u00e4den, die aus einer Verletzung von Verkehrsvorschriften oder einer der oben aufgef\u00fchrten Bedingungen resultieren, werden vom Mieter bezahlt, unabh\u00e4ngig davon, ob die Versicherungsoptionen \u201eC.D.W\u201c, \u201eW.U.G\u201c, \u201eF.D.W\u201c oder \u201eSuper Cover\u201c abgeschlossen wurden.<\/div>\n<div> <\/div>\n<p><span style=\"color: #e31e24;\"><strong>Nutzung des Autos:<\/strong><\/span> <span style=\"color: #0a0a0a;\">Das Auto darf NICHT betrieben werden<\/span><\/p>\n<ul>\n<li style=\"list-style-type: none;\">\n<ul>\n<li><span style=\"color: #0a0a0a;\">f\u00fcr bezahlten Transport<\/span><\/li>\n<li><span style=\"color: #0a0a0a;\">bei jedem Rennen, Geschwindigkeitstest oder Wettbewerb<\/span><\/li>\n<li><span style=\"color: #0a0a0a;\">die Bef\u00f6rderung von Passagieren \u00fcber die jeweilige Sitzplatzkapazit\u00e4t hinaus<\/span><\/li>\n<li><span style=\"color: #0a0a0a;\">auf einer anderen als einer befestigten Stra\u00dfe oder \u00f6ffentlichen Stra\u00dfe<\/span><\/li>\n<li><span style=\"color: #0a0a0a;\">\u00dcberf\u00fchrung des Autos au\u00dferhalb des Territoriums der Insel Rhodos<\/span><\/li>\n<li><span style=\"color: #0a0a0a;\">durch eine Person ohne vorherige Zustimmung des Vermieters<\/span><\/li>\n<li><span style=\"color: #0a0a0a;\">von einem nicht qualifizierten Fahrer unter 23 Jahren.<\/span><\/li>\n<\/ul>\n<\/li>\n<\/ul>\n<p><strong><span style=\"color: #e31e24;\">Zul\u00e4ssige Personen:<\/span><\/strong> Das Fahrzeug darf nur von den im Mietvertrag genannten Fahrern gefahren werden.<\/p>\n<p><span style=\"color: #e31e24;\"><strong>F\u00fchrerschein: <\/strong><\/span><span style=\"color: #e31e24;\"><span style=\"color: #0a0a0a;\">Sie ben\u00f6tigen einen g\u00fcltigen EU-F\u00fchrerschein, der mindestens ein Jahr g\u00fcltig ist. Bitte beachten Sie: Wenn Sie keinen EU-F\u00fchrerschein besitzen, ben\u00f6tigen Sie zur Anmietung eines Fahrzeugs zus\u00e4tzlich zu Ihrem Originalf\u00fchrerschein einen internationalen F\u00fchrerschein. <\/span><\/span><\/p>\n<p><span style=\"color: #e31e24;\"><strong>Altersanforderungen:<\/strong><\/span> <span style=\"color: #0a0a0a;\">Um bei unserem Unternehmen ein Auto zu mieten, muss der Fahrer mindestens 23 Jahre alt sein (1 Jahr Fahrerfahrung) und darf h\u00f6chstens 70 Jahre alt sein.<\/span><\/p>\n<p><span style=\"color: #e31e24;\"><strong>Verkehrsverst\u00f6\u00dfe:<\/strong><\/span> S\u00e4mtliche Verkehrsverst\u00f6\u00dfe und\/oder Parkvergehen (Geschwindigkeits\u00fcberschreitungen, illegales Parken, Entfernung von Nummernschildern, Mautgeb\u00fchren usw.) w\u00e4hrend der Mietdauer gehen zu Lasten des Mieters. Der Eigent\u00fcmer kann die Kreditkarte des Mieters mit allen vom Mieter begangenen Verkehrs- und\/oder Parkverst\u00f6\u00dfen belasten.<\/p>\n<p><strong><span style=\"color: #e31e24;\">Tankregelung:<\/span><\/strong> Der Mieter ist verpflichtet, das Auto mit dem gleichen Tankf\u00fcllstand zur\u00fcckzugeben, der bei der Anmietung \u00fcberpr\u00fcft und im Mietvertrag vermerkt wurde. Andernfalls wird die Differenz in Rechnung gestellt.<br \/>Nicht verbrauchter Kraftstoff wird nicht erstattet.<\/p>\n<p><strong><span style=\"color: #e31e24;\">R\u00fcckgabe des Fahrzeugs:<\/span><\/strong> Der Mieter ist verpflichtet, das Fahrzeug am oder vor dem vereinbarten Datum, der vereinbarten Uhrzeit und dem vereinbarten Ort zur\u00fcckzugeben, die im Mietvertragsdokument beschrieben sind. Bei Nichteinhaltung dieser Vereinbarung hat der Vermieter das Recht, dem Mieter einen Aufpreis f\u00fcr die versp\u00e4tete R\u00fcckgabe oder einen anderen R\u00fcckgabe ort des Fahrzeugs zu berechnen, wie im Mietvertragsdokument definiert.<\/p>\n<p><strong><span style=\"color: #e31e24;\">Verl\u00e4ngerung der Mietdauer: <\/span><\/strong>Wenn der Mieter die Mietdauer verl\u00e4ngern m\u00f6chte, muss er den Vermieter mindestens 24 Stunden vor dem im Mietvertrag angegebenen Ende der Mietdauer benachrichtigen, um die entsprechende Genehmigung zu erhalten.<\/p>\n<p><span style=\"color: #e31e24;\"><strong>Sp\u00e4te Abholung \/ Fr\u00fche R\u00fcckgabe:<\/strong><\/span> Ihre Miete beginnt und endet gem\u00e4\u00df den auf Ihrem Gutschein angegebenen Abhol- und R\u00fcckgabedaten und -zeiten.   <\/p>\n<p><strong><span style=\"color: #e31e24;\">Au\u00dferhalb der Gesch\u00e4ftszeiten:<\/span><\/strong> IWenn Sie ein Auto au\u00dferhalb der normalen \u00d6ffnungszeiten der Mietschalter (sehr sp\u00e4t in der Nacht oder fr\u00fch am Morgen) mieten m\u00f6chten, kann eine zus\u00e4tzliche Geb\u00fchr erhoben werden.<\/p>\n<p><strong><span style=\"color: #e31e24;\">Fahrzeugtypen und Verf\u00fcgbarkeit:<\/span><\/strong> Reservierungen werden immer f\u00fcr eine bestimmte Fahrzeuggruppe best\u00e4tigt, nicht f\u00fcr ein bestimmtes Fahrzeugmodell. Das Auto auf Ihrem Gutschein stellt das Fahrzeug f\u00fcr die von Ihnen gebuchte Klasse (Gruppe) dar.  Wir k\u00f6nnen keine Garantie f\u00fcr eine bestimmte Marke oder ein bestimmtes Modell \u00fcbernehmen. Alle erw\u00e4hnten spezifischen Fahrzeuge sind lediglich typische Beispiele f\u00fcr die Gr\u00f6\u00dfe, Spezifikationen und Leistung, die f\u00fcr diese Fahrzeuggruppe gelten. Kalithea Star Car Rental beh\u00e4lt sich das Recht vor, ein Auto einer \u00e4hnlichen oder h\u00f6heren Kategorie als der urspr\u00fcnglich gebuchten und bezahlten bereitzustellen.<\/p>\n<p><span style=\"color: #e31e24;\"><strong>No-Show-Richtlinie:<\/strong><\/span> Falls der Mieter das Fahrzeug nicht zum vereinbarten Zeitpunkt und Datum abholt, ohne dies vorher schriftlich oder telefonisch mitzuteilen, storniert Kalithea Star die Reservierung nach 3 Stunden und hat das Recht auf Nichtr\u00fcckerstattung. <\/p>\n<p><span style=\"color: #e31e24;\"><strong>Stornierung der Buchung<\/strong><\/span><\/p>\n<p><strong>Volle R\u00fcckerstattung: <\/strong><span style=\"color: #333333;\">Bei Stornierung einer Buchung mindestens 48 Stunden vor dem geplanten Datum\/der geplanten Uhrzeit des Mietbeginns<\/span>, werden keine Stornierungsgeb\u00fchren erhoben und eine eventuell von Ihnen geleistete Anzahlung wird zur\u00fcckerstattet.<\/p>\n<p><span style=\"color: #333333;\"><strong>Nicht erstattungsf\u00e4hig: <\/strong><\/span>Sie haben keinen Anspruch auf eine R\u00fcckerstattung f\u00fcr die unten aufgef\u00fchrten Vorkommnisse oder F\u00e4lle:<\/p>\n<ul>\n<li style=\"list-style-type: none;\">\n<ul>\n<li><strong><span style=\"font-size: 16px;\">F\u00fcr <\/span>&#8222;Vorausbezahlte-Buchungen(100% Vorauszahlung)&#8220;<\/strong><span style=\"font-size: 16px;\"> Der Gesamtbetrag ist nicht erstattungsf\u00e4hig.<\/span><\/li>\n<li><span style=\"color: #0a0a0a;\">Sie sind zum vereinbarten Abholtermin\/zur vereinbarten Abholzeit des Fahrzeugs \u00fcberhaupt nicht erschienen.<\/span><\/li>\n<li><span style=\"color: #0a0a0a;\">Sie wollten Ihre Reservierung stornieren, haben dies jedoch nicht innerhalb der 48-Stunden-Frist gemeldet.<\/span><\/li>\n<li><span style=\"color: #0a0a0a;\">Sie haben die erforderlichen Dokumente zur Abholung des Fahrzeugs nicht vorgelegt<\/span><\/li>\n<li><span style=\"color: #0a0a0a;\">Ihr Kredit- oder Debitkartenguthaben reichte nicht aus, um die Miete und Garantie des Fahrzeugs abzudecken.<\/span><\/li>\n<\/ul>\n<\/li>\n<\/ul>\n<p><span style=\"color: #e31e24;\"><strong>Vorzeitige Fahrzeugr\u00fcckgabe:<\/strong><\/span> Sie k\u00f6nnen das Fahrzeug vor dem im Vertrag festgelegten Liefertermin zur\u00fcckgeben, erhalten jedoch keine R\u00fcckerstattung f\u00fcr den Zeitraum, in dem Sie das Fahrzeug nicht genutzt haben.<\/p>\n<p><strong><span style=\"color: #e31e24;\">Pannenhilfe:<\/span><\/strong> Wir bieten rund um die Uhr Pannenhilfe f\u00fcr alle mechanischen Defekte des im Mietvertrag genannten Fahrzeugs. F\u00fcr alle anderen Pannenhilfeeins\u00e4tze, einschlie\u00dflich Tanken, Schl\u00fcsselverlust und im Fahrzeug eingeschlossene Schl\u00fcssel, wird eine Servicegeb\u00fchr erhoben.<\/p>\n<p><span style=\"color: #e31e24;\"><strong>\u00dcberf\u00fchrung des Fahrzeugs:<\/strong><\/span> Die \u00dcberf\u00fchrung des Fahrzeugs auf eine Insel oder das Festland ist nicht gestattet. <\/p>\n<p><span style=\"color: #e31e24;\"><strong>Kindersitze:<\/strong><\/span> Unser Unternehmen bietet 3 Arten von Kindersitzen kostenlos an (auf Anfrage erh\u00e4ltlich): f\u00fcr Babys von der Geburt bis ca.12 Monate, f\u00fcr Kinder von 9\u201318 kg und f\u00fcr Kinder von 15\u201336 kg. <\/p>\n<p><strong><span style=\"color: #e31e24;\">Zahlungen:<\/span><\/strong> Die Zahlung muss bei Abholung des Autos in bar oder per Kreditkarte erfolgen. Gesamtbetr\u00e4ge \u00fcber 500 Euro k\u00f6nnen nur per Kreditkarte bezahlt werden.<\/p>\n<p style=\"text-align: center;\"><strong>Das Unternehmen Kalithea Star beh\u00e4lt sich das Recht vor, diese Allgemeinen Gesch\u00e4ftsbedingungen jederzeit und ohne vorherige Ank\u00fcndigung zu \u00e4ndern.<\/strong><\/p>\n\t\t\t\t\t\t\t\t<\/div>\n\t\t\t\t<\/div>\n\t\t\t\t\t<\/div>\n\t\t<\/div>\n\t\t\t\t\t<\/div>\n\t\t<\/section>\n\t\t\t\t<section class=\"elementor-section elementor-top-section elementor-element elementor-element-20937d2 elementor-section-boxed elementor-section-height-default elementor-section-height-default\" data-id=\"20937d2\" data-element_type=\"section\" data-e-type=\"section\">\n\t\t\t\t\t\t<div class=\"elementor-container elementor-column-gap-default\">\n\t\t\t\t\t<div class=\"elementor-column elementor-col-100 elementor-top-column elementor-element elementor-element-acb83be\" data-id=\"acb83be\" data-element_type=\"column\" data-e-type=\"column\">\n\t\t\t<div class=\"elementor-widget-wrap elementor-element-populated\">\n\t\t\t\t\t\t<div class=\"elementor-element elementor-element-f0c57ae elementor-widget-divider--view-line elementor-widget elementor-widget-divider\" data-id=\"f0c57ae\" data-element_type=\"widget\" data-e-type=\"widget\" data-widget_type=\"divider.default\">\n\t\t\t\t<div class=\"elementor-widget-container\">\n\t\t\t\t\t\t\t<div class=\"elementor-divider\">\n\t\t\t<span class=\"elementor-divider-separator\">\n\t\t\t\t\t\t<\/span>\n\t\t<\/div>\n\t\t\t\t\t\t<\/div>\n\t\t\t\t<\/div>\n\t\t\t\t\t<\/div>\n\t\t<\/div>\n\t\t\t\t\t<\/div>\n\t\t<\/section>\n\t\t\t\t<\/div>\n\t\t","protected":false},"excerpt":{"rendered":"<p>Allgemeine Gesch\u00e4ftsbedingungen Alles, was Sie wissen m\u00fcssen, bevor Sie ein Auto reservieren. Lesen Sie diese n\u00fctzlichen Gesch\u00e4ftsbedingungen, um vorbereitet zu sein. WAS IST IM PREIS INBEGRIFFEN Je nach Buchungsauftrag wird Ihnen m\u00f6glicherweise Folgendes angeboten: C.D.W &#8211; Vollkaskoversicherung mit Selbstbeteiligung: Der Mieter ist gegen Sch\u00e4den an der Karosserie des Fahrzeugs im Falle eines Unfalls versichert. Die [&hellip;]<\/p>\n","protected":false},"author":1,"featured_media":0,"parent":0,"menu_order":70,"comment_status":"closed","ping_status":"closed","template":"","meta":{"_uag_custom_page_level_css":"","site-sidebar-layout":"default","site-content-layout":"","ast-site-content-layout":"default","site-content-style":"default","site-sidebar-style":"default","ast-global-header-display":"","ast-banner-title-visibility":"","ast-main-header-display":"","ast-hfb-above-header-display":"","ast-hfb-below-header-display":"","ast-hfb-mobile-header-display":"","site-post-title":"disabled","ast-breadcrumbs-content":"","ast-featured-img":"","footer-sml-layout":"","ast-disable-related-posts":"","theme-transparent-header-meta":"","adv-header-id-meta":"","stick-header-meta":"","header-above-stick-meta":"","header-main-stick-meta":"","header-below-stick-meta":"","astra-migrate-meta-layouts":"default","ast-page-background-enabled":"default","ast-page-background-meta":{"desktop":{"background-color":"var(--ast-global-color-4)","background-image":"","background-repeat":"repeat","background-position":"center center","background-size":"auto","background-attachment":"scroll","background-type":"","background-media":"","overlay-type":"","overlay-color":"","overlay-opacity":"","overlay-gradient":""},"tablet":{"background-color":"","background-image":"","background-repeat":"repeat","background-position":"center center","background-size":"auto","background-attachment":"scroll","background-type":"","background-media":"","overlay-type":"","overlay-color":"","overlay-opacity":"","overlay-gradient":""},"mobile":{"background-color":"","background-image":"","background-repeat":"repeat","background-position":"center center","background-size":"auto","background-attachment":"scroll","background-type":"","background-media":"","overlay-type":"","overlay-color":"","overlay-opacity":"","overlay-gradient":""}},"ast-content-background-meta":{"desktop":{"background-color":"var(--ast-global-color-5)","background-image":"","background-repeat":"repeat","background-position":"center center","background-size":"auto","background-attachment":"scroll","background-type":"","background-media":"","overlay-type":"","overlay-color":"","overlay-opacity":"","overlay-gradient":""},"tablet":{"background-color":"var(--ast-global-color-5)","background-image":"","background-repeat":"repeat","background-position":"center center","background-size":"auto","background-attachment":"scroll","background-type":"","background-media":"","overlay-type":"","overlay-color":"","overlay-opacity":"","overlay-gradient":""},"mobile":{"background-color":"var(--ast-global-color-5)","background-image":"","background-repeat":"repeat","background-position":"center center","background-size":"auto","background-attachment":"scroll","background-type":"","background-media":"","overlay-type":"","overlay-color":"","overlay-opacity":"","overlay-gradient":""}},"footnotes":""},"class_list":["post-14759","page","type-page","status-publish","hentry"],"yoast_head":"<!-- This site is optimized with the Yoast SEO plugin v27.4 - https:\/\/yoast.com\/product\/yoast-seo-wordpress\/ -->\n<title>Gesch\u00e4ftsbedingungen - Autovermietung Rhodos | Mietwagen Rhodos Flughafen |<\/title>\n<meta name=\"description\" content=\"Autovermietung Rhodos | Mietwagen Rhodos Flughafen |\" \/>\n<meta name=\"robots\" content=\"index, follow, max-snippet:-1, max-image-preview:large, max-video-preview:-1\" \/>\n<link rel=\"canonical\" href=\"https:\/\/carrentalsrhodes.com\/de\/geschaeftsbedingungen\/\" \/>\n<meta property=\"og:locale\" content=\"de_DE\" \/>\n<meta property=\"og:type\" content=\"article\" \/>\n<meta property=\"og:title\" content=\"Gesch\u00e4ftsbedingungen - Autovermietung Rhodos | Mietwagen Rhodos Flughafen |\" \/>\n<meta property=\"og:description\" content=\"Autovermietung Rhodos | Mietwagen Rhodos Flughafen |\" \/>\n<meta property=\"og:url\" content=\"https:\/\/carrentalsrhodes.com\/de\/geschaeftsbedingungen\/\" \/>\n<meta property=\"og:site_name\" content=\"Autovermietung Rhodos | Mietwagen Rhodos Flughafen |\" \/>\n<meta property=\"article:publisher\" content=\"https:\/\/www.facebook.com\/kalitheastar\" \/>\n<meta property=\"article:modified_time\" content=\"2025-05-31T15:06:28+00:00\" \/>\n<meta property=\"og:image\" content=\"https:\/\/carrentalsrhodes.com\/wp-content\/uploads\/2023\/06\/car-hire-rhodes.jpg\" \/>\n\t<meta property=\"og:image:width\" content=\"500\" \/>\n\t<meta property=\"og:image:height\" content=\"500\" \/>\n\t<meta property=\"og:image:type\" content=\"image\/jpeg\" \/>\n<meta name=\"twitter:card\" content=\"summary_large_image\" \/>\n<meta name=\"twitter:label1\" content=\"Gesch\u00e4tzte Lesezeit\" \/>\n\t<meta name=\"twitter:data1\" content=\"8\u00a0Minuten\" \/>\n<script type=\"application\/ld+json\" class=\"yoast-schema-graph\">{\"@context\":\"https:\\\/\\\/schema.org\",\"@graph\":[{\"@type\":\"WebPage\",\"@id\":\"https:\\\/\\\/carrentalsrhodes.com\\\/de\\\/geschaeftsbedingungen\\\/\",\"url\":\"https:\\\/\\\/carrentalsrhodes.com\\\/de\\\/geschaeftsbedingungen\\\/\",\"name\":\"Gesch\u00e4ftsbedingungen - Autovermietung Rhodos | Mietwagen Rhodos Flughafen |\",\"isPartOf\":{\"@id\":\"https:\\\/\\\/carrentalsrhodes.com\\\/de\\\/#website\"},\"datePublished\":\"2018-01-06T17:20:24+00:00\",\"dateModified\":\"2025-05-31T15:06:28+00:00\",\"description\":\"Autovermietung Rhodos | Mietwagen Rhodos Flughafen |\",\"breadcrumb\":{\"@id\":\"https:\\\/\\\/carrentalsrhodes.com\\\/de\\\/geschaeftsbedingungen\\\/#breadcrumb\"},\"inLanguage\":\"de\",\"potentialAction\":[{\"@type\":\"ReadAction\",\"target\":[\"https:\\\/\\\/carrentalsrhodes.com\\\/de\\\/geschaeftsbedingungen\\\/\"]}]},{\"@type\":\"BreadcrumbList\",\"@id\":\"https:\\\/\\\/carrentalsrhodes.com\\\/de\\\/geschaeftsbedingungen\\\/#breadcrumb\",\"itemListElement\":[{\"@type\":\"ListItem\",\"position\":1,\"name\":\"Home\",\"item\":\"https:\\\/\\\/carrentalsrhodes.com\\\/de\\\/home\\\/\"},{\"@type\":\"ListItem\",\"position\":2,\"name\":\"Gesch\u00e4ftsbedingungen\"}]},{\"@type\":\"WebSite\",\"@id\":\"https:\\\/\\\/carrentalsrhodes.com\\\/de\\\/#website\",\"url\":\"https:\\\/\\\/carrentalsrhodes.com\\\/de\\\/\",\"name\":\"Car Rentals Rhodes | Cheap Car Rental Prices &amp; Rent a Car Deals on Rhodes island !\",\"description\":\"G\u00fcnstige Mietwagenpreise und Mietwagenangebote auf der Insel Rhodos!\",\"publisher\":{\"@id\":\"https:\\\/\\\/carrentalsrhodes.com\\\/de\\\/#organization\"},\"potentialAction\":[{\"@type\":\"SearchAction\",\"target\":{\"@type\":\"EntryPoint\",\"urlTemplate\":\"https:\\\/\\\/carrentalsrhodes.com\\\/de\\\/?s={search_term_string}\"},\"query-input\":{\"@type\":\"PropertyValueSpecification\",\"valueRequired\":true,\"valueName\":\"search_term_string\"}}],\"inLanguage\":\"de\"},{\"@type\":\"Organization\",\"@id\":\"https:\\\/\\\/carrentalsrhodes.com\\\/de\\\/#organization\",\"name\":\"Kalithea Star\",\"url\":\"https:\\\/\\\/carrentalsrhodes.com\\\/de\\\/\",\"logo\":{\"@type\":\"ImageObject\",\"inLanguage\":\"de\",\"@id\":\"https:\\\/\\\/carrentalsrhodes.com\\\/de\\\/#\\\/schema\\\/logo\\\/image\\\/\",\"url\":\"https:\\\/\\\/carrentalsrhodes.com\\\/wp-content\\\/uploads\\\/2023\\\/06\\\/logo.png\",\"contentUrl\":\"https:\\\/\\\/carrentalsrhodes.com\\\/wp-content\\\/uploads\\\/2023\\\/06\\\/logo.png\",\"width\":901,\"height\":393,\"caption\":\"Kalithea Star\"},\"image\":{\"@id\":\"https:\\\/\\\/carrentalsrhodes.com\\\/de\\\/#\\\/schema\\\/logo\\\/image\\\/\"},\"sameAs\":[\"https:\\\/\\\/www.facebook.com\\\/kalitheastar\"]}]}<\/script>\n<!-- \/ Yoast SEO plugin. -->","yoast_head_json":{"title":"Gesch\u00e4ftsbedingungen - Autovermietung Rhodos | Mietwagen Rhodos Flughafen |","description":"Autovermietung Rhodos | Mietwagen Rhodos Flughafen |","robots":{"index":"index","follow":"follow","max-snippet":"max-snippet:-1","max-image-preview":"max-image-preview:large","max-video-preview":"max-video-preview:-1"},"canonical":"https:\/\/carrentalsrhodes.com\/de\/geschaeftsbedingungen\/","og_locale":"de_DE","og_type":"article","og_title":"Gesch\u00e4ftsbedingungen - Autovermietung Rhodos | Mietwagen Rhodos Flughafen |","og_description":"Autovermietung Rhodos | Mietwagen Rhodos Flughafen |","og_url":"https:\/\/carrentalsrhodes.com\/de\/geschaeftsbedingungen\/","og_site_name":"Autovermietung Rhodos | Mietwagen Rhodos Flughafen |","article_publisher":"https:\/\/www.facebook.com\/kalitheastar","article_modified_time":"2025-05-31T15:06:28+00:00","og_image":[{"width":500,"height":500,"url":"https:\/\/carrentalsrhodes.com\/wp-content\/uploads\/2023\/06\/car-hire-rhodes.jpg","type":"image\/jpeg"}],"twitter_card":"summary_large_image","twitter_misc":{"Gesch\u00e4tzte Lesezeit":"8\u00a0Minuten"},"schema":{"@context":"https:\/\/schema.org","@graph":[{"@type":"WebPage","@id":"https:\/\/carrentalsrhodes.com\/de\/geschaeftsbedingungen\/","url":"https:\/\/carrentalsrhodes.com\/de\/geschaeftsbedingungen\/","name":"Gesch\u00e4ftsbedingungen - Autovermietung Rhodos | Mietwagen Rhodos Flughafen |","isPartOf":{"@id":"https:\/\/carrentalsrhodes.com\/de\/#website"},"datePublished":"2018-01-06T17:20:24+00:00","dateModified":"2025-05-31T15:06:28+00:00","description":"Autovermietung Rhodos | Mietwagen Rhodos Flughafen |","breadcrumb":{"@id":"https:\/\/carrentalsrhodes.com\/de\/geschaeftsbedingungen\/#breadcrumb"},"inLanguage":"de","potentialAction":[{"@type":"ReadAction","target":["https:\/\/carrentalsrhodes.com\/de\/geschaeftsbedingungen\/"]}]},{"@type":"BreadcrumbList","@id":"https:\/\/carrentalsrhodes.com\/de\/geschaeftsbedingungen\/#breadcrumb","itemListElement":[{"@type":"ListItem","position":1,"name":"Home","item":"https:\/\/carrentalsrhodes.com\/de\/home\/"},{"@type":"ListItem","position":2,"name":"Gesch\u00e4ftsbedingungen"}]},{"@type":"WebSite","@id":"https:\/\/carrentalsrhodes.com\/de\/#website","url":"https:\/\/carrentalsrhodes.com\/de\/","name":"Car Rentals Rhodes | Cheap Car Rental Prices &amp; Rent a Car Deals on Rhodes island !","description":"G\u00fcnstige Mietwagenpreise und Mietwagenangebote auf der Insel Rhodos!","publisher":{"@id":"https:\/\/carrentalsrhodes.com\/de\/#organization"},"potentialAction":[{"@type":"SearchAction","target":{"@type":"EntryPoint","urlTemplate":"https:\/\/carrentalsrhodes.com\/de\/?s={search_term_string}"},"query-input":{"@type":"PropertyValueSpecification","valueRequired":true,"valueName":"search_term_string"}}],"inLanguage":"de"},{"@type":"Organization","@id":"https:\/\/carrentalsrhodes.com\/de\/#organization","name":"Kalithea Star","url":"https:\/\/carrentalsrhodes.com\/de\/","logo":{"@type":"ImageObject","inLanguage":"de","@id":"https:\/\/carrentalsrhodes.com\/de\/#\/schema\/logo\/image\/","url":"https:\/\/carrentalsrhodes.com\/wp-content\/uploads\/2023\/06\/logo.png","contentUrl":"https:\/\/carrentalsrhodes.com\/wp-content\/uploads\/2023\/06\/logo.png","width":901,"height":393,"caption":"Kalithea Star"},"image":{"@id":"https:\/\/carrentalsrhodes.com\/de\/#\/schema\/logo\/image\/"},"sameAs":["https:\/\/www.facebook.com\/kalitheastar"]}]}},"uagb_featured_image_src":{"full":false,"thumbnail":false,"medium":false,"medium_large":false,"large":false,"1536x1536":false,"2048x2048":false},"uagb_author_info":{"display_name":"admin","author_link":"https:\/\/carrentalsrhodes.com\/de\/author\/kalitheastar_xdp143uf\/"},"uagb_comment_info":0,"uagb_excerpt":"Allgemeine Gesch\u00e4ftsbedingungen Alles, was Sie wissen m\u00fcssen, bevor Sie ein Auto reservieren. Lesen Sie diese n\u00fctzlichen Gesch\u00e4ftsbedingungen, um vorbereitet zu sein. WAS IST IM PREIS INBEGRIFFEN Je nach Buchungsauftrag wird Ihnen m\u00f6glicherweise Folgendes angeboten: C.D.W &#8211; Vollkaskoversicherung mit Selbstbeteiligung: Der Mieter ist gegen Sch\u00e4den an der Karosserie des Fahrzeugs im Falle eines Unfalls versichert. Die&hellip;","_links":{"self":[{"href":"https:\/\/carrentalsrhodes.com\/de\/wp-json\/wp\/v2\/pages\/14759","targetHints":{"allow":["GET"]}}],"collection":[{"href":"https:\/\/carrentalsrhodes.com\/de\/wp-json\/wp\/v2\/pages"}],"about":[{"href":"https:\/\/carrentalsrhodes.com\/de\/wp-json\/wp\/v2\/types\/page"}],"author":[{"embeddable":true,"href":"https:\/\/carrentalsrhodes.com\/de\/wp-json\/wp\/v2\/users\/1"}],"replies":[{"embeddable":true,"href":"https:\/\/carrentalsrhodes.com\/de\/wp-json\/wp\/v2\/comments?post=14759"}],"version-history":[{"count":55,"href":"https:\/\/carrentalsrhodes.com\/de\/wp-json\/wp\/v2\/pages\/14759\/revisions"}],"predecessor-version":[{"id":15273,"href":"https:\/\/carrentalsrhodes.com\/de\/wp-json\/wp\/v2\/pages\/14759\/revisions\/15273"}],"wp:attachment":[{"href":"https:\/\/carrentalsrhodes.com\/de\/wp-json\/wp\/v2\/media?parent=14759"}],"curies":[{"name":"wp","href":"https:\/\/api.w.org\/{rel}","templated":true}]}}